{"id":2554,"date":"2022-07-07T21:35:31","date_gmt":"2022-07-08T03:35:31","guid":{"rendered":"https:\/\/www.ilovewines.vn\/product\/angus-the-bull-cabernet-sauvignon-2017\/"},"modified":"2023-07-12T10:48:28","modified_gmt":"2023-07-12T16:48:28","slug":"angus-the-bull-cabernet-sauvignon-2017","status":"publish","type":"product","link":"https:\/\/www.ilovewines.vn\/vi\/product\/angus-the-bull-cabernet-sauvignon-2017\/","title":{"rendered":"Angus The Bull Cabernet Sauvignon"},"content":{"rendered":"<p><strong><span style=\"font-size: 16px;\">C\u1ea3m quan<\/span><\/strong><\/p>\n<p><span style=\"font-size: 16px;\">M\u00e0u s\u1eafc \u0111\u1eadm v\u1edbi m\u00e0u t\u00edm s\u00e1ng. Tr\u00e1i c\u00e2y \u0111en s\u1ed1ng \u0111\u1ed9ng v\u1edbi s\u00f4 c\u00f4 la \u0111en \u0111\u1eadm \u0111\u00e0 v\u00e0 h\u01b0\u01a1ng th\u01a1m tinh t\u1ebf c\u1ee7a g\u1ed7 s\u1ed3i vanillin, tr\u1ecdng l\u01b0\u1ee3ng v\u00f2m mi\u1ec7ng t\u1eeb trung b\u00ecnh \u0111\u1ebfn \u0111\u1ea7y \u0111\u1ee7, \u0111\u1eb7c tr\u01b0ng b\u1edfi tannin th\u1ecfa m\u00e3n v\u00e0 k\u1ebft th\u00fac nam t\u00ednh m\u1eb7n. M\u1ed9t m\u00f3n \u0103n k\u00e8m l\u00fd t\u01b0\u1edfng v\u1edbi th\u1ecbt \u0111\u1ecf v\u00e0 nh\u1eefng mi\u1ebfng th\u1ecbt b\u00f2 h\u1ea3o h\u1ea1ng. S\u1ebd ti\u1ebfp t\u1ee5c c\u1ea3i thi\u1ec7n trong v\u00f2ng 4-6 n\u0103m t\u1edbi.<br \/>\n<\/span><\/p>\n<p><strong><span style=\"font-size: 16px;\">Gi\u1ea3i th\u01b0\u1edfng <\/span><\/strong><span style=\"font-size: 16px;\">94 \u0111i\u1ec3m - The Wine Front (Campbell Mattison)<\/span><\/p>\n<p><span style=\"font-size: 16px;\"><strong>Vang \u0111\u1ecf<\/strong> ANGUS - The Bull<\/span><\/p>\n<p><span style=\"font-size: 16px;\"><strong>Nh\u00e0 s\u1ea3n xu\u1ea5t<\/strong> Aberdeen Wine Company<\/span><\/p>\n<p><span style=\"font-size: 16px;\"><strong>Nh\u00e0 s\u1ea3n xu\u1ea5t:<\/strong> Hamish MacGowan<\/span><\/p>\n<p><span style=\"font-size: 16px;\"><strong>Gi\u1ed1ng nho:<\/strong> Cabernet Sauvignon<\/span><\/p>\n<p><span style=\"font-size: 16px;\"><strong>V\u00f9ng tr\u1ed3ng:<\/strong> Central Victoria (Goulburn Valley 50% \/ Heathcore 27% \/ Strathbogie Ranges 23%)<\/span><\/p>\n<p><span style=\"font-size: 16px;\"><strong>S\u1ea3n xu\u1ea5t:<\/strong> Tri\u1ebft l\u00fd \u0111\u1eb1ng sau Angus the Bull l\u00e0 t\u1ea1o ra r\u01b0\u1ee3u vang \u0111\u1ec3 cung c\u1ea5p cho th\u1ee9c u\u1ed1ng k\u00e8m l\u00fd t\u01b0\u1edfng cho m\u00f3n th\u1ecbt b\u00f2 h\u1ea3o h\u1ea1ng. M\u1ed7i n\u0103m, nh\u1eefng l\u00f4 h\u00e0ng h\u1ee9a h\u1eb9n nh\u1ea5t \u0111\u01b0\u1ee3c l\u1ef1a ch\u1ecdn th\u1ee7 c\u00f4ng t\u1eeb nh\u1eefng tr\u00e1i nho Cabernet Sauvignon h\u1ea3o h\u1ea1ng c\u00f3 ngu\u1ed3n g\u1ed1c t\u1eeb m\u1ed9t s\u1ed1 v\u01b0\u1eddn nho n\u1ed5i b\u1eadt tr\u00ean kh\u1eafp Trung t\u00e2m Victoria. S\u1ef1 linh ho\u1ea1t c\u1ee7a ph\u01b0\u01a1ng ph\u00e1p k\u1ebft h\u1ee3p n\u00e0y mang l\u1ea1i s\u1ef1 nh\u1ea5t qu\u00e1n tuy\u1ec7t v\u1eddi t\u1eeb c\u1ed5 \u0111i\u1ec3n \u0111\u1ebfn c\u1ed5 \u0111i\u1ec3n v\u00e0 cho ph\u00e9p k\u1ebft h\u1ee3p c\u00e1c thu\u1ed9c t\u00ednh t\u1ed1t nh\u1ea5t c\u1ee7a c\u00e1c trang web ri\u00eang l\u1ebb \u0111\u1ec3 t\u1ea1o ra phong c\u00e1ch Angus The Bull \u0111\u1eb7c tr\u01b0ng.<\/span><\/p>","protected":false},"excerpt":{"rendered":"<p>S\u1ef1 k\u1ebft h\u1ee3p ho\u00e0n h\u1ea3o cho b\u1ea5t k\u1ef3 m\u00f3n th\u1ecbt b\u00f2 \u00dac n\u00e0o.<\/p>","protected":false},"featured_media":2553,"template":"","meta":{"_acf_changed":false},"product_brand":[],"product_cat":[2640,87],"product_tag":[],"grape_varietal":[2467],"wine_regions":[2429,2431,2437],"class_list":{"0":"post-2554","1":"product","2":"type-product","3":"status-publish","4":"has-post-thumbnail","6":"product_cat-catalogue","7":"product_cat-red-wine","8":"pa_brand-aberdeen-wine-comapny","9":"grape_varietal-cabernet-sauvignon","10":"wine_regions-goulburn-valley","11":"wine_regions-heathcote","12":"wine_regions-strathbogie","14":"first","15":"instock","16":"shipping-taxable","17":"product-type-variable","18":"has-default-attributes"},"acf":[],"yoast_head":"<!-- This site is optimized with the Yoast SEO plugin v27.4 - https:\/\/yoast.com\/product\/yoast-seo-wordpress\/ -->\n<title>Angus The Bull Cabernet Sauvignon - Rada Wines<\/title>\n<meta name=\"robots\" content=\"index, follow, max-snippet:-1, max-image-preview:large, max-video-preview:-1\" \/>\n<link rel=\"canonical\" href=\"https:\/\/www.ilovewines.vn\/vi\/san-pham\/angus-the-bull-cabernet-sauvignon-2017\/\" \/>\n<meta property=\"og:locale\" content=\"vi_VN\" \/>\n<meta property=\"og:type\" content=\"article\" \/>\n<meta property=\"og:title\" content=\"Angus The Bull Cabernet Sauvignon - Rada Wines\" \/>\n<meta property=\"og:description\" content=\"The perfect compliment for any Aussie Beef.\" \/>\n<meta property=\"og:url\" content=\"https:\/\/www.ilovewines.vn\/vi\/san-pham\/angus-the-bull-cabernet-sauvignon-2017\/\" \/>\n<meta property=\"og:site_name\" content=\"Rada Wines\" \/>\n<meta property=\"article:modified_time\" content=\"2023-07-12T16:48:28+00:00\" \/>\n<meta property=\"og:image\" content=\"https:\/\/www.ilovewines.vn\/wp-content\/uploads\/2022\/07\/angus_bottle_750ml_medals-308x385_76227f5842d94479ba1fc35f63205563.jpg\" \/>\n\t<meta property=\"og:image:width\" content=\"1638\" \/>\n\t<meta property=\"og:image:height\" content=\"2048\" \/>\n\t<meta property=\"og:image:type\" content=\"image\/jpeg\" \/>\n<meta name=\"twitter:card\" content=\"summary_large_image\" \/>\n<meta name=\"twitter:label1\" content=\"\u01af\u1edbc t\u00ednh th\u1eddi gian \u0111\u1ecdc\" \/>\n\t<meta name=\"twitter:data1\" content=\"1 ph\u00fat\" \/>\n<script type=\"application\/ld+json\" class=\"yoast-schema-graph\">{\"@context\":\"https:\\\/\\\/schema.org\",\"@graph\":[{\"@type\":\"WebPage\",\"@id\":\"https:\\\/\\\/www.ilovewines.vn\\\/product\\\/angus-the-bull-cabernet-sauvignon-2017\\\/\",\"url\":\"https:\\\/\\\/www.ilovewines.vn\\\/product\\\/angus-the-bull-cabernet-sauvignon-2017\\\/\",\"name\":\"Angus The Bull Cabernet Sauvignon - Rada Wines\",\"isPartOf\":{\"@id\":\"https:\\\/\\\/www.ilovewines.vn\\\/#website\"},\"primaryImageOfPage\":{\"@id\":\"https:\\\/\\\/www.ilovewines.vn\\\/product\\\/angus-the-bull-cabernet-sauvignon-2017\\\/#primaryimage\"},\"image\":{\"@id\":\"https:\\\/\\\/www.ilovewines.vn\\\/product\\\/angus-the-bull-cabernet-sauvignon-2017\\\/#primaryimage\"},\"thumbnailUrl\":\"https:\\\/\\\/www.ilovewines.vn\\\/wp-content\\\/uploads\\\/2022\\\/07\\\/angus_bottle_750ml_medals-308x385_76227f5842d94479ba1fc35f63205563.jpg\",\"datePublished\":\"2022-07-08T03:35:31+00:00\",\"dateModified\":\"2023-07-12T16:48:28+00:00\",\"breadcrumb\":{\"@id\":\"https:\\\/\\\/www.ilovewines.vn\\\/product\\\/angus-the-bull-cabernet-sauvignon-2017\\\/#breadcrumb\"},\"inLanguage\":\"vi\",\"potentialAction\":[{\"@type\":\"ReadAction\",\"target\":[\"https:\\\/\\\/www.ilovewines.vn\\\/product\\\/angus-the-bull-cabernet-sauvignon-2017\\\/\"]}]},{\"@type\":\"ImageObject\",\"inLanguage\":\"vi\",\"@id\":\"https:\\\/\\\/www.ilovewines.vn\\\/product\\\/angus-the-bull-cabernet-sauvignon-2017\\\/#primaryimage\",\"url\":\"https:\\\/\\\/www.ilovewines.vn\\\/wp-content\\\/uploads\\\/2022\\\/07\\\/angus_bottle_750ml_medals-308x385_76227f5842d94479ba1fc35f63205563.jpg\",\"contentUrl\":\"https:\\\/\\\/www.ilovewines.vn\\\/wp-content\\\/uploads\\\/2022\\\/07\\\/angus_bottle_750ml_medals-308x385_76227f5842d94479ba1fc35f63205563.jpg\",\"width\":1638,\"height\":2048},{\"@type\":\"BreadcrumbList\",\"@id\":\"https:\\\/\\\/www.ilovewines.vn\\\/product\\\/angus-the-bull-cabernet-sauvignon-2017\\\/#breadcrumb\",\"itemListElement\":[{\"@type\":\"ListItem\",\"position\":1,\"name\":\"Home\",\"item\":\"https:\\\/\\\/www.ilovewines.vn\\\/\"},{\"@type\":\"ListItem\",\"position\":2,\"name\":\"Catalogue\",\"item\":\"https:\\\/\\\/www.ilovewines.vn\\\/catalogue\\\/\"},{\"@type\":\"ListItem\",\"position\":3,\"name\":\"Angus The Bull Cabernet Sauvignon\"}]},{\"@type\":\"WebSite\",\"@id\":\"https:\\\/\\\/www.ilovewines.vn\\\/#website\",\"url\":\"https:\\\/\\\/www.ilovewines.vn\\\/\",\"name\":\"Rada Wines\",\"description\":\"Just another WordPress site\",\"publisher\":{\"@id\":\"https:\\\/\\\/www.ilovewines.vn\\\/#organization\"},\"potentialAction\":[{\"@type\":\"SearchAction\",\"target\":{\"@type\":\"EntryPoint\",\"urlTemplate\":\"https:\\\/\\\/www.ilovewines.vn\\\/?s={search_term_string}\"},\"query-input\":{\"@type\":\"PropertyValueSpecification\",\"valueRequired\":true,\"valueName\":\"search_term_string\"}}],\"inLanguage\":\"vi\"},{\"@type\":\"Organization\",\"@id\":\"https:\\\/\\\/www.ilovewines.vn\\\/#organization\",\"name\":\"Rada Wines\",\"url\":\"https:\\\/\\\/www.ilovewines.vn\\\/\",\"logo\":{\"@type\":\"ImageObject\",\"inLanguage\":\"vi\",\"@id\":\"https:\\\/\\\/www.ilovewines.vn\\\/#\\\/schema\\\/logo\\\/image\\\/\",\"url\":\"https:\\\/\\\/www.ilovewines.vn\\\/wp-content\\\/uploads\\\/2022\\\/06\\\/cropped-162574230_380766779846763_4426584222903300096_n.jpg\",\"contentUrl\":\"https:\\\/\\\/www.ilovewines.vn\\\/wp-content\\\/uploads\\\/2022\\\/06\\\/cropped-162574230_380766779846763_4426584222903300096_n.jpg\",\"width\":320,\"height\":206,\"caption\":\"Rada Wines\"},\"image\":{\"@id\":\"https:\\\/\\\/www.ilovewines.vn\\\/#\\\/schema\\\/logo\\\/image\\\/\"}}]}<\/script>\n<!-- \/ Yoast SEO plugin. -->","yoast_head_json":{"title":"Angus The Bull Cabernet Sauvignon - Rada Wines","robots":{"index":"index","follow":"follow","max-snippet":"max-snippet:-1","max-image-preview":"max-image-preview:large","max-video-preview":"max-video-preview:-1"},"canonical":"https:\/\/www.ilovewines.vn\/vi\/san-pham\/angus-the-bull-cabernet-sauvignon-2017\/","og_locale":"vi_VN","og_type":"article","og_title":"Angus The Bull Cabernet Sauvignon - Rada Wines","og_description":"The perfect compliment for any Aussie Beef.","og_url":"https:\/\/www.ilovewines.vn\/vi\/san-pham\/angus-the-bull-cabernet-sauvignon-2017\/","og_site_name":"Rada Wines","article_modified_time":"2023-07-12T16:48:28+00:00","og_image":[{"width":1638,"height":2048,"url":"https:\/\/www.ilovewines.vn\/wp-content\/uploads\/2022\/07\/angus_bottle_750ml_medals-308x385_76227f5842d94479ba1fc35f63205563.jpg","type":"image\/jpeg"}],"twitter_card":"summary_large_image","twitter_misc":{"\u01af\u1edbc t\u00ednh th\u1eddi gian \u0111\u1ecdc":"1 ph\u00fat"},"schema":{"@context":"https:\/\/schema.org","@graph":[{"@type":"WebPage","@id":"https:\/\/www.ilovewines.vn\/product\/angus-the-bull-cabernet-sauvignon-2017\/","url":"https:\/\/www.ilovewines.vn\/product\/angus-the-bull-cabernet-sauvignon-2017\/","name":"Angus The Bull Cabernet Sauvignon - Rada Wines","isPartOf":{"@id":"https:\/\/www.ilovewines.vn\/#website"},"primaryImageOfPage":{"@id":"https:\/\/www.ilovewines.vn\/product\/angus-the-bull-cabernet-sauvignon-2017\/#primaryimage"},"image":{"@id":"https:\/\/www.ilovewines.vn\/product\/angus-the-bull-cabernet-sauvignon-2017\/#primaryimage"},"thumbnailUrl":"https:\/\/www.ilovewines.vn\/wp-content\/uploads\/2022\/07\/angus_bottle_750ml_medals-308x385_76227f5842d94479ba1fc35f63205563.jpg","datePublished":"2022-07-08T03:35:31+00:00","dateModified":"2023-07-12T16:48:28+00:00","breadcrumb":{"@id":"https:\/\/www.ilovewines.vn\/product\/angus-the-bull-cabernet-sauvignon-2017\/#breadcrumb"},"inLanguage":"vi","potentialAction":[{"@type":"ReadAction","target":["https:\/\/www.ilovewines.vn\/product\/angus-the-bull-cabernet-sauvignon-2017\/"]}]},{"@type":"ImageObject","inLanguage":"vi","@id":"https:\/\/www.ilovewines.vn\/product\/angus-the-bull-cabernet-sauvignon-2017\/#primaryimage","url":"https:\/\/www.ilovewines.vn\/wp-content\/uploads\/2022\/07\/angus_bottle_750ml_medals-308x385_76227f5842d94479ba1fc35f63205563.jpg","contentUrl":"https:\/\/www.ilovewines.vn\/wp-content\/uploads\/2022\/07\/angus_bottle_750ml_medals-308x385_76227f5842d94479ba1fc35f63205563.jpg","width":1638,"height":2048},{"@type":"BreadcrumbList","@id":"https:\/\/www.ilovewines.vn\/product\/angus-the-bull-cabernet-sauvignon-2017\/#breadcrumb","itemListElement":[{"@type":"ListItem","position":1,"name":"Home","item":"https:\/\/www.ilovewines.vn\/"},{"@type":"ListItem","position":2,"name":"Catalogue","item":"https:\/\/www.ilovewines.vn\/catalogue\/"},{"@type":"ListItem","position":3,"name":"Angus The Bull Cabernet Sauvignon"}]},{"@type":"WebSite","@id":"https:\/\/www.ilovewines.vn\/#website","url":"https:\/\/www.ilovewines.vn\/","name":"Rada Wines","description":"Just another WordPress site","publisher":{"@id":"https:\/\/www.ilovewines.vn\/#organization"},"potentialAction":[{"@type":"SearchAction","target":{"@type":"EntryPoint","urlTemplate":"https:\/\/www.ilovewines.vn\/?s={search_term_string}"},"query-input":{"@type":"PropertyValueSpecification","valueRequired":true,"valueName":"search_term_string"}}],"inLanguage":"vi"},{"@type":"Organization","@id":"https:\/\/www.ilovewines.vn\/#organization","name":"Rada Wines","url":"https:\/\/www.ilovewines.vn\/","logo":{"@type":"ImageObject","inLanguage":"vi","@id":"https:\/\/www.ilovewines.vn\/#\/schema\/logo\/image\/","url":"https:\/\/www.ilovewines.vn\/wp-content\/uploads\/2022\/06\/cropped-162574230_380766779846763_4426584222903300096_n.jpg","contentUrl":"https:\/\/www.ilovewines.vn\/wp-content\/uploads\/2022\/06\/cropped-162574230_380766779846763_4426584222903300096_n.jpg","width":320,"height":206,"caption":"Rada Wines"},"image":{"@id":"https:\/\/www.ilovewines.vn\/#\/schema\/logo\/image\/"}}]}},"_links":{"self":[{"href":"https:\/\/www.ilovewines.vn\/vi\/wp-json\/wp\/v2\/product\/2554","targetHints":{"allow":["GET"]}}],"collection":[{"href":"https:\/\/www.ilovewines.vn\/vi\/wp-json\/wp\/v2\/product"}],"about":[{"href":"https:\/\/www.ilovewines.vn\/vi\/wp-json\/wp\/v2\/types\/product"}],"version-history":[{"count":1,"href":"https:\/\/www.ilovewines.vn\/vi\/wp-json\/wp\/v2\/product\/2554\/revisions"}],"predecessor-version":[{"id":3444,"href":"https:\/\/www.ilovewines.vn\/vi\/wp-json\/wp\/v2\/product\/2554\/revisions\/3444"}],"wp:featuredmedia":[{"embeddable":true,"href":"https:\/\/www.ilovewines.vn\/vi\/wp-json\/wp\/v2\/media\/2553"}],"wp:attachment":[{"href":"https:\/\/www.ilovewines.vn\/vi\/wp-json\/wp\/v2\/media?parent=2554"}],"wp:term":[{"taxonomy":"product_brand","embeddable":true,"href":"https:\/\/www.ilovewines.vn\/vi\/wp-json\/wp\/v2\/product_brand?post=2554"},{"taxonomy":"product_cat","embeddable":true,"href":"https:\/\/www.ilovewines.vn\/vi\/wp-json\/wp\/v2\/product_cat?post=2554"},{"taxonomy":"product_tag","embeddable":true,"href":"https:\/\/www.ilovewines.vn\/vi\/wp-json\/wp\/v2\/product_tag?post=2554"},{"taxonomy":"grape_varietal","embeddable":true,"href":"https:\/\/www.ilovewines.vn\/vi\/wp-json\/wp\/v2\/grape_varietal?post=2554"},{"taxonomy":"wine_regions","embeddable":true,"href":"https:\/\/www.ilovewines.vn\/vi\/wp-json\/wp\/v2\/wine_regions?post=2554"}],"curies":[{"name":"wp","href":"https:\/\/api.w.org\/{rel}","templated":true}]}}