{"id":4932,"date":"2023-11-15T03:00:09","date_gmt":"2023-11-15T10:00:09","guid":{"rendered":"https:\/\/www.ilovewines.vn\/?post_type=product&#038;p=4932"},"modified":"2023-12-18T07:18:38","modified_gmt":"2023-12-18T14:18:38","slug":"calabria-belena-pinot-grigio","status":"publish","type":"product","link":"https:\/\/www.ilovewines.vn\/vi\/product\/calabria-belena-pinot-grigio\/","title":{"rendered":"Calabria B\u00e9lena Pinot Grigio"},"content":{"rendered":"<p>KH\u1ee8U GI\u00c1C<\/p>\n<p>H\u01b0\u01a1ng qu\u1ea3 l\u00ea m\u00e3nh li\u1ec7t k\u1ebft h\u1ee3p v\u1edbi h\u01b0\u01a1ng hoa kim ng\u00e2n v\u00e0 d\u01b0 h\u01b0\u01a1ng v\u1ea3i thi\u1ec1u c\u00f9ng v\u1edbi t\u00e1o xanh v\u00e0 m\u1eadt \u0111\u00e0o.<\/p>\n<p>V\u1eca GI\u00c1C<\/p>\n<p>S\u1eafc n\u00e9t v\u00e0 tinh t\u1ebf v\u1edbi h\u01b0\u01a1ng v\u1ecb c\u1ee7a l\u00ea xanh ngon ng\u1ecdt v\u00e0 h\u01b0\u01a1ng hoa l\u00ea. Tannin trong r\u01b0\u1ee3u \u0111\u01b0\u1ee3c c\u00e2n b\u1eb1ng t\u1ed1t t\u1ea1o ra \u0111\u1ed9 axit h\u1ea5p d\u1eabn v\u1edbi v\u00f2m mi\u1ec7ng kh\u00f4 nh\u1eb9 sau khi u\u1ed1ng.<\/p>\n<p>TH\u01af\u1edeNG TH\u1ee8C<\/p>\n<p>U\u1ed1ng v\u1edbi m\u00f3n t\u00f4m x\u00f3c b\u01a1 t\u1ecfi \u1edbt c\u00f3 xa l\u00e1t Waldorf  \u0111i k\u00e8m<\/p>\n<p>QU\u00c1 TR\u00ccNH S\u1ea2N XU\u1ea4T<\/p>\n<p>Nho Pinot Grigio \u0111\u01b0\u1ee3c thu ho\u1ea1ch v\u00e0o bu\u1ed5i \u0111\u00eam m\u00e1t m\u1ebb, t\u1eeb ng\u00e0y 3 \u0111\u1ebfn ng\u00e0y 27 th\u00e1ng 2 v\u00e0 v\u1eadn chuy\u1ec3n \u0111\u1ebfn nh\u00e0 m\u00e1y r\u01b0\u1ee3u vang c\u1ee7a gia \u0111\u00ecnh Calabria \u1edf Brayne Road Riverina \u0111\u1ec3 ch\u1ebf bi\u1ebfn. Ngay sau \u0111\u00f3, ch\u00fang l\u1eadp t\u1ee9c \u0111\u01b0\u1ee3c nghi\u1ec1n n\u00e1t, t\u00e1ch cu\u1ed1ng v\u00e0 \u00e9p nh\u1eb9 trong m\u00e1y \u00e9p t\u00fai kh\u00ed n\u00e9n. Nh\u00e0 m\u00e1y s\u1ebd l\u00ean men ph\u1ea7n l\u1edbn nho Pinot Grigio trong th\u00f9ng th\u00e9p kh\u00f4ng g\u1ec9 d\u01b0\u1edbi c\u00e1c \u0111i\u1ec1u ki\u1ec7n \u0111\u1ec3 l\u01b0u gi\u1eef h\u01b0\u01a1ng v\u1ecb qu\u1ea3 t\u1ed1t nh\u1ea5t. C\u00e1c g\u00f3i \u0111\u01b0\u1ee3c l\u1ef1a ch\u1ecdn s\u1ebd \u0111\u01b0\u1ee3c l\u00ean men trong v\u00f2ng 2 th\u00e1ng, \u0111\u01b0\u1ee3c khu\u1ea5y \u0111\u1ec1u h\u00e0ng tu\u1ea7n \u0111\u1ec3 t\u1ea1o v\u1ecb m\u1ec1m d\u1ecbu, tr\u01b0\u1edbc khi \u0111\u01b0\u1ee3c \u0111\u00f3ng chai v\u00e0o th\u00e1ng m\u01b0\u1eddi m\u1ed9t.<\/p>\n<p>TH\u1edcI \u0110I\u1ec2M TH\u01af\u1edeNG TH\u1ee8C L\u00cd T\u01af\u1edeNG<\/p>\n<p>U\u1ed1ng ngay ho\u1eb7c c\u1ea5t tr\u1eef trong v\u00f2ng 2 n\u0103m.<\/p>\n<p>PH\u00c2N T\u00cdCH<\/p>\n<p>Ni\u00ean v\u1ee5 2020<\/p>\n<p>N\u1ed3ng \u0111\u1ed9 c\u1ed3n: 12%<\/p>\n<p>pH 3.15<\/p>\n<p>T\u1ed5ng l\u01b0\u1ee3ng axit: 7.37 g\/L<\/p>\n<p>Ph\u00f9 h\u1ee3p v\u1edbi ng\u01b0\u1eddi \u0103n thu\u1ea7n chay<\/p>\n<p><img decoding=\"async\" class=\"alignnone size-full wp-image-4934\" src=\"https:\/\/www.ilovewines.vn\/wp-content\/uploads\/2023\/11\/Screenshot-2023-11-14-194513.png\" alt=\"\" width=\"50\" height=\"51\" srcset=\"https:\/\/www.ilovewines.vn\/wp-content\/uploads\/2023\/11\/Screenshot-2023-11-14-194513.png 50w, https:\/\/www.ilovewines.vn\/wp-content\/uploads\/2023\/11\/Screenshot-2023-11-14-194513-12x12.png 12w\" sizes=\"(max-width: 50px) 100vw, 50px\" \/><\/p>","protected":false},"excerpt":{"rendered":"<p>AROMAS Intense Nashi pear notes with hints of honeysuckle and lychee echo, leading into ripe green apple and pear nectar. TASTE Crisp and delicate, with flavours of juicy green pear and pear blossom. Well managed tannins creating mouth-watering acidity with a light dry palate. ENJOY With lightly battered salt &amp; chilli prawns accompanied by a [&hellip;]<\/p>\n","protected":false},"featured_media":4935,"template":"","meta":{"_acf_changed":false},"product_brand":[],"product_cat":[89,93],"product_tag":[],"grape_varietal":[2643],"wine_regions":[2658,2412],"class_list":{"0":"post-4932","1":"product","2":"type-product","3":"status-publish","4":"has-post-thumbnail","6":"product_cat-white-wine","7":"product_cat-wine","8":"pa_brand-belena","9":"grape_varietal-pinot-grigio","10":"wine_regions-griffith","11":"wine_regions-new-south-wales","13":"first","14":"instock","15":"shipping-taxable","16":"product-type-simple"},"acf":[],"yoast_head":"<!-- This site is optimized with the Yoast SEO plugin v27.4 - https:\/\/yoast.com\/product\/yoast-seo-wordpress\/ -->\n<title>Calabria B\u00e9lena Pinot Grigio - Rada Wines<\/title>\n<meta name=\"robots\" content=\"index, follow, max-snippet:-1, max-image-preview:large, max-video-preview:-1\" \/>\n<link rel=\"canonical\" href=\"https:\/\/www.ilovewines.vn\/vi\/san-pham\/calabria-belena-pinot-grigio\/\" \/>\n<meta property=\"og:locale\" content=\"vi_VN\" \/>\n<meta property=\"og:type\" content=\"article\" \/>\n<meta property=\"og:title\" content=\"Calabria B\u00e9lena Pinot Grigio - Rada Wines\" \/>\n<meta property=\"og:description\" content=\"AROMAS Intense Nashi pear notes with hints of honeysuckle and lychee echo, leading into ripe green apple and pear nectar. TASTE Crisp and delicate, with flavours of juicy green pear and pear blossom. Well managed tannins creating mouth-watering acidity with a light dry palate. ENJOY With lightly battered salt &amp; chilli prawns accompanied by a [&hellip;]\" \/>\n<meta property=\"og:url\" content=\"https:\/\/www.ilovewines.vn\/vi\/san-pham\/calabria-belena-pinot-grigio\/\" \/>\n<meta property=\"og:site_name\" content=\"Rada Wines\" \/>\n<meta property=\"article:modified_time\" content=\"2023-12-18T14:18:38+00:00\" \/>\n<meta property=\"og:image\" content=\"https:\/\/www.ilovewines.vn\/wp-content\/uploads\/2023\/11\/Belena-Pinot-Grigio-scaled.jpg\" \/>\n\t<meta property=\"og:image:width\" content=\"1218\" \/>\n\t<meta property=\"og:image:height\" content=\"2560\" \/>\n\t<meta property=\"og:image:type\" content=\"image\/jpeg\" \/>\n<meta name=\"twitter:card\" content=\"summary_large_image\" \/>\n<meta name=\"twitter:label1\" content=\"\u01af\u1edbc t\u00ednh th\u1eddi gian \u0111\u1ecdc\" \/>\n\t<meta name=\"twitter:data1\" content=\"1 ph\u00fat\" \/>\n<script type=\"application\/ld+json\" class=\"yoast-schema-graph\">{\"@context\":\"https:\\\/\\\/schema.org\",\"@graph\":[{\"@type\":\"WebPage\",\"@id\":\"https:\\\/\\\/www.ilovewines.vn\\\/product\\\/calabria-belena-pinot-grigio\\\/\",\"url\":\"https:\\\/\\\/www.ilovewines.vn\\\/product\\\/calabria-belena-pinot-grigio\\\/\",\"name\":\"Calabria B\u00e9lena Pinot Grigio - Rada Wines\",\"isPartOf\":{\"@id\":\"https:\\\/\\\/www.ilovewines.vn\\\/#website\"},\"primaryImageOfPage\":{\"@id\":\"https:\\\/\\\/www.ilovewines.vn\\\/product\\\/calabria-belena-pinot-grigio\\\/#primaryimage\"},\"image\":{\"@id\":\"https:\\\/\\\/www.ilovewines.vn\\\/product\\\/calabria-belena-pinot-grigio\\\/#primaryimage\"},\"thumbnailUrl\":\"https:\\\/\\\/www.ilovewines.vn\\\/wp-content\\\/uploads\\\/2023\\\/11\\\/Belena-Pinot-Grigio-scaled.jpg\",\"datePublished\":\"2023-11-15T10:00:09+00:00\",\"dateModified\":\"2023-12-18T14:18:38+00:00\",\"breadcrumb\":{\"@id\":\"https:\\\/\\\/www.ilovewines.vn\\\/product\\\/calabria-belena-pinot-grigio\\\/#breadcrumb\"},\"inLanguage\":\"vi\",\"potentialAction\":[{\"@type\":\"ReadAction\",\"target\":[\"https:\\\/\\\/www.ilovewines.vn\\\/product\\\/calabria-belena-pinot-grigio\\\/\"]}]},{\"@type\":\"ImageObject\",\"inLanguage\":\"vi\",\"@id\":\"https:\\\/\\\/www.ilovewines.vn\\\/product\\\/calabria-belena-pinot-grigio\\\/#primaryimage\",\"url\":\"https:\\\/\\\/www.ilovewines.vn\\\/wp-content\\\/uploads\\\/2023\\\/11\\\/Belena-Pinot-Grigio-scaled.jpg\",\"contentUrl\":\"https:\\\/\\\/www.ilovewines.vn\\\/wp-content\\\/uploads\\\/2023\\\/11\\\/Belena-Pinot-Grigio-scaled.jpg\",\"width\":1218,\"height\":2560},{\"@type\":\"BreadcrumbList\",\"@id\":\"https:\\\/\\\/www.ilovewines.vn\\\/product\\\/calabria-belena-pinot-grigio\\\/#breadcrumb\",\"itemListElement\":[{\"@type\":\"ListItem\",\"position\":1,\"name\":\"Home\",\"item\":\"https:\\\/\\\/www.ilovewines.vn\\\/\"},{\"@type\":\"ListItem\",\"position\":2,\"name\":\"Catalogue\",\"item\":\"https:\\\/\\\/www.ilovewines.vn\\\/catalogue\\\/\"},{\"@type\":\"ListItem\",\"position\":3,\"name\":\"Calabria B\u00e9lena Pinot Grigio\"}]},{\"@type\":\"WebSite\",\"@id\":\"https:\\\/\\\/www.ilovewines.vn\\\/#website\",\"url\":\"https:\\\/\\\/www.ilovewines.vn\\\/\",\"name\":\"Rada Wines\",\"description\":\"Just another WordPress site\",\"publisher\":{\"@id\":\"https:\\\/\\\/www.ilovewines.vn\\\/#organization\"},\"potentialAction\":[{\"@type\":\"SearchAction\",\"target\":{\"@type\":\"EntryPoint\",\"urlTemplate\":\"https:\\\/\\\/www.ilovewines.vn\\\/?s={search_term_string}\"},\"query-input\":{\"@type\":\"PropertyValueSpecification\",\"valueRequired\":true,\"valueName\":\"search_term_string\"}}],\"inLanguage\":\"vi\"},{\"@type\":\"Organization\",\"@id\":\"https:\\\/\\\/www.ilovewines.vn\\\/#organization\",\"name\":\"Rada Wines\",\"url\":\"https:\\\/\\\/www.ilovewines.vn\\\/\",\"logo\":{\"@type\":\"ImageObject\",\"inLanguage\":\"vi\",\"@id\":\"https:\\\/\\\/www.ilovewines.vn\\\/#\\\/schema\\\/logo\\\/image\\\/\",\"url\":\"https:\\\/\\\/www.ilovewines.vn\\\/wp-content\\\/uploads\\\/2022\\\/06\\\/cropped-162574230_380766779846763_4426584222903300096_n.jpg\",\"contentUrl\":\"https:\\\/\\\/www.ilovewines.vn\\\/wp-content\\\/uploads\\\/2022\\\/06\\\/cropped-162574230_380766779846763_4426584222903300096_n.jpg\",\"width\":320,\"height\":206,\"caption\":\"Rada Wines\"},\"image\":{\"@id\":\"https:\\\/\\\/www.ilovewines.vn\\\/#\\\/schema\\\/logo\\\/image\\\/\"}}]}<\/script>\n<!-- \/ Yoast SEO plugin. -->","yoast_head_json":{"title":"Calabria B\u00e9lena Pinot Grigio - Rada Wines","robots":{"index":"index","follow":"follow","max-snippet":"max-snippet:-1","max-image-preview":"max-image-preview:large","max-video-preview":"max-video-preview:-1"},"canonical":"https:\/\/www.ilovewines.vn\/vi\/san-pham\/calabria-belena-pinot-grigio\/","og_locale":"vi_VN","og_type":"article","og_title":"Calabria B\u00e9lena Pinot Grigio - Rada Wines","og_description":"AROMAS Intense Nashi pear notes with hints of honeysuckle and lychee echo, leading into ripe green apple and pear nectar. TASTE Crisp and delicate, with flavours of juicy green pear and pear blossom. Well managed tannins creating mouth-watering acidity with a light dry palate. ENJOY With lightly battered salt &amp; chilli prawns accompanied by a [&hellip;]","og_url":"https:\/\/www.ilovewines.vn\/vi\/san-pham\/calabria-belena-pinot-grigio\/","og_site_name":"Rada Wines","article_modified_time":"2023-12-18T14:18:38+00:00","og_image":[{"width":1218,"height":2560,"url":"https:\/\/www.ilovewines.vn\/wp-content\/uploads\/2023\/11\/Belena-Pinot-Grigio-scaled.jpg","type":"image\/jpeg"}],"twitter_card":"summary_large_image","twitter_misc":{"\u01af\u1edbc t\u00ednh th\u1eddi gian \u0111\u1ecdc":"1 ph\u00fat"},"schema":{"@context":"https:\/\/schema.org","@graph":[{"@type":"WebPage","@id":"https:\/\/www.ilovewines.vn\/product\/calabria-belena-pinot-grigio\/","url":"https:\/\/www.ilovewines.vn\/product\/calabria-belena-pinot-grigio\/","name":"Calabria B\u00e9lena Pinot Grigio - Rada Wines","isPartOf":{"@id":"https:\/\/www.ilovewines.vn\/#website"},"primaryImageOfPage":{"@id":"https:\/\/www.ilovewines.vn\/product\/calabria-belena-pinot-grigio\/#primaryimage"},"image":{"@id":"https:\/\/www.ilovewines.vn\/product\/calabria-belena-pinot-grigio\/#primaryimage"},"thumbnailUrl":"https:\/\/www.ilovewines.vn\/wp-content\/uploads\/2023\/11\/Belena-Pinot-Grigio-scaled.jpg","datePublished":"2023-11-15T10:00:09+00:00","dateModified":"2023-12-18T14:18:38+00:00","breadcrumb":{"@id":"https:\/\/www.ilovewines.vn\/product\/calabria-belena-pinot-grigio\/#breadcrumb"},"inLanguage":"vi","potentialAction":[{"@type":"ReadAction","target":["https:\/\/www.ilovewines.vn\/product\/calabria-belena-pinot-grigio\/"]}]},{"@type":"ImageObject","inLanguage":"vi","@id":"https:\/\/www.ilovewines.vn\/product\/calabria-belena-pinot-grigio\/#primaryimage","url":"https:\/\/www.ilovewines.vn\/wp-content\/uploads\/2023\/11\/Belena-Pinot-Grigio-scaled.jpg","contentUrl":"https:\/\/www.ilovewines.vn\/wp-content\/uploads\/2023\/11\/Belena-Pinot-Grigio-scaled.jpg","width":1218,"height":2560},{"@type":"BreadcrumbList","@id":"https:\/\/www.ilovewines.vn\/product\/calabria-belena-pinot-grigio\/#breadcrumb","itemListElement":[{"@type":"ListItem","position":1,"name":"Home","item":"https:\/\/www.ilovewines.vn\/"},{"@type":"ListItem","position":2,"name":"Catalogue","item":"https:\/\/www.ilovewines.vn\/catalogue\/"},{"@type":"ListItem","position":3,"name":"Calabria B\u00e9lena Pinot Grigio"}]},{"@type":"WebSite","@id":"https:\/\/www.ilovewines.vn\/#website","url":"https:\/\/www.ilovewines.vn\/","name":"Rada Wines","description":"Just another WordPress site","publisher":{"@id":"https:\/\/www.ilovewines.vn\/#organization"},"potentialAction":[{"@type":"SearchAction","target":{"@type":"EntryPoint","urlTemplate":"https:\/\/www.ilovewines.vn\/?s={search_term_string}"},"query-input":{"@type":"PropertyValueSpecification","valueRequired":true,"valueName":"search_term_string"}}],"inLanguage":"vi"},{"@type":"Organization","@id":"https:\/\/www.ilovewines.vn\/#organization","name":"Rada Wines","url":"https:\/\/www.ilovewines.vn\/","logo":{"@type":"ImageObject","inLanguage":"vi","@id":"https:\/\/www.ilovewines.vn\/#\/schema\/logo\/image\/","url":"https:\/\/www.ilovewines.vn\/wp-content\/uploads\/2022\/06\/cropped-162574230_380766779846763_4426584222903300096_n.jpg","contentUrl":"https:\/\/www.ilovewines.vn\/wp-content\/uploads\/2022\/06\/cropped-162574230_380766779846763_4426584222903300096_n.jpg","width":320,"height":206,"caption":"Rada Wines"},"image":{"@id":"https:\/\/www.ilovewines.vn\/#\/schema\/logo\/image\/"}}]}},"_links":{"self":[{"href":"https:\/\/www.ilovewines.vn\/vi\/wp-json\/wp\/v2\/product\/4932","targetHints":{"allow":["GET"]}}],"collection":[{"href":"https:\/\/www.ilovewines.vn\/vi\/wp-json\/wp\/v2\/product"}],"about":[{"href":"https:\/\/www.ilovewines.vn\/vi\/wp-json\/wp\/v2\/types\/product"}],"version-history":[{"count":1,"href":"https:\/\/www.ilovewines.vn\/vi\/wp-json\/wp\/v2\/product\/4932\/revisions"}],"predecessor-version":[{"id":5042,"href":"https:\/\/www.ilovewines.vn\/vi\/wp-json\/wp\/v2\/product\/4932\/revisions\/5042"}],"wp:featuredmedia":[{"embeddable":true,"href":"https:\/\/www.ilovewines.vn\/vi\/wp-json\/wp\/v2\/media\/4935"}],"wp:attachment":[{"href":"https:\/\/www.ilovewines.vn\/vi\/wp-json\/wp\/v2\/media?parent=4932"}],"wp:term":[{"taxonomy":"product_brand","embeddable":true,"href":"https:\/\/www.ilovewines.vn\/vi\/wp-json\/wp\/v2\/product_brand?post=4932"},{"taxonomy":"product_cat","embeddable":true,"href":"https:\/\/www.ilovewines.vn\/vi\/wp-json\/wp\/v2\/product_cat?post=4932"},{"taxonomy":"product_tag","embeddable":true,"href":"https:\/\/www.ilovewines.vn\/vi\/wp-json\/wp\/v2\/product_tag?post=4932"},{"taxonomy":"grape_varietal","embeddable":true,"href":"https:\/\/www.ilovewines.vn\/vi\/wp-json\/wp\/v2\/grape_varietal?post=4932"},{"taxonomy":"wine_regions","embeddable":true,"href":"https:\/\/www.ilovewines.vn\/vi\/wp-json\/wp\/v2\/wine_regions?post=4932"}],"curies":[{"name":"wp","href":"https:\/\/api.w.org\/{rel}","templated":true}]}}