{"id":5151,"date":"2024-01-22T01:06:30","date_gmt":"2024-01-22T08:06:30","guid":{"rendered":"https:\/\/www.ilovewines.vn\/?post_type=product&#038;p=5151"},"modified":"2024-01-22T01:06:30","modified_gmt":"2024-01-22T08:06:30","slug":"prices-no-6-alicante-malbec","status":"publish","type":"product","link":"https:\/\/www.ilovewines.vn\/vi\/product\/prices-no-6-alicante-malbec\/","title":{"rendered":"Price\u2019s No. 6 Alicante\/Malbec"},"content":{"rendered":"<p>Price\u2019s No. 6 l\u00e0 m\u1ed9t chai r\u01b0\u1ee3u vang \u0111\u1ecf pha tr\u1ed9n r\u1ea5t hi\u1ebfm c\u00f3 c\u1ee7a nho Malbec ch\u00edn \u0111\u1ecf nh\u01b0 nhung v\u00e0 nho Alicante th\u01a1m ngon, c\u00f9ng \u0111\u01b0\u1ee3c tr\u1ed3ng t\u1ea1i m\u1ed9t v\u01b0\u1eddn nho \u1edf v\u00f9ng McLaren Vale. D\u00f2ng r\u01b0\u1ee3u ph\u00e1t h\u00e0nh h\u1ea1n ch\u1ebf n\u00e0y c\u00f3 v\u1ecb nh\u1eb9 v\u00e0 t\u01b0\u01a1i s\u00e1ng tr\u00ean v\u00f2m mi\u1ec7ng. Nho Alicante m\u1ec1m v\u00e0 m\u1ecdng n\u01b0\u1edbc \u0111\u01b0\u1ee3c b\u1ed5 khuy\u1ebft b\u1edfi nho Malbec gi\u00e0u h\u01b0\u01a1ng v\u1ecb ch\u00edn \u0111\u1ecf s\u1eabm m\u00e0u. \u0110\u00e2y l\u00e0 chai r\u01b0\u1ee3u vang \u0111\u1ecf ho\u00e0n h\u1ea3o cho c\u1ea3 n\u0103m. U\u1ed1ng ngon nh\u1ea5t khi \u01b0\u1edbp h\u01a1i l\u1ea1nh.<\/p>\n<p>M\u00e0u: T\u00edm \u00e1nh \u0111\u1ecf v\u1edbi di\u1ec1m m\u00e0u nh\u1ea1t h\u01a1n.<\/p>\n<p>Kh\u1ee9u gi\u00e1c: M\u00f9i h\u01b0\u01a1ng nh\u1eb9 nh\u00e0ng c\u1ee7a tr\u00e1i c\u00e2y m\u00e0u \u0111\u1ecf.<\/p>\n<p>V\u1ecb gi\u00e1c: N\u1ed1t h\u01b0\u01a1ng anh \u0111\u00e0o, pha ch\u00fat v\u1ecb cay nh\u1eb9 nh\u00e0ng.<\/p>\n<p>C\u1ea5t tr\u1eef: Th\u1eddi gian kh\u00f4ng qu\u00e1 d\u00e0i s\u1ebd \u0111em l\u1ea1i m\u1ed9t k\u1ebft th\u00fac n\u1eeda kh\u00f4, v\u1edbi axit \u0111\u01b0\u1ee3c c\u00e2n b\u1eb1ng r\u1ea5t t\u1ed1t, u\u1ed1ng ngay r\u1ea5t ngon. N\u00ean d\u00f9ng h\u01a1i l\u1ea1nh.<\/p>\n<p>\u1ea8m th\u1ef1c k\u1ebft h\u1ee3p: Heo quay, vi\u00ean th\u1ecbt b\u00ea v\u00e0 l\u1ee3n mu\u1ed1i, th\u1ecbt b\u00f2 n\u01b0\u1edbng ki\u1ec3u \u00c1c hen tina, s\u00fac x\u00edch cay, c\u01a1m T\u00e2y Ban Nha v\u1ecb \u1edbt chu\u00f4ng v\u00e0 t\u00f4m.<\/p>","protected":false},"excerpt":{"rendered":"<p>Kh\u1ee9u gi\u00e1c b\u1ecb k\u00edch th\u00edch b\u1edfi h\u01b0\u01a1ng qu\u1ea3 ch\u00edn h\u1ea5p d\u1eabn m\u1eddi g\u1ecdi bao g\u1ed3m m\u1eadn s\u1eabm m\u00e0u, anh \u0111\u00e0o cay, th\u1ecbt th\u00fa r\u1eebng v\u00e0 m\u00f9i h\u01b0\u01a1ng hoa, ti\u1ebfp theo \u0111\u00f3 l\u00e0 v\u1ecb gi\u00e1c \u0111\u01b0\u1ee3c khai th\u00f4ng b\u1edfi v\u1ecb hoa qu\u1ea3 m\u1ecdng n\u01b0\u1edbc, v\u00f2m mi\u1ec7ng tr\u00f2n \u0111\u1ea7y \u0111\u01b0\u1ee3c n\u00e2ng \u0111\u1ee1 b\u1edfi tannin m\u1ecbn. C\u1ea5u tr\u00fac t\u1ed1t v\u00e0 k\u00e9o d\u00e0i v\u1edbi h\u01b0\u01a1ng gia v\u1ecb.<\/p>","protected":false},"featured_media":5152,"template":"","meta":{"_acf_changed":false},"product_brand":[],"product_cat":[87,93],"product_tag":[],"grape_varietal":[2666,2667,2477],"wine_regions":[2422,2410],"class_list":{"0":"post-5151","1":"product","2":"type-product","3":"status-publish","4":"has-post-thumbnail","6":"product_cat-red-wine","7":"product_cat-wine","8":"pa_brand-prices-wines","9":"grape_varietal-alicante","10":"grape_varietal-malbec","11":"grape_varietal-red","12":"wine_regions-mclaren-vale","13":"wine_regions-south-australia","15":"first","16":"instock","17":"shipping-taxable","18":"product-type-simple"},"acf":[],"yoast_head":"<!-- This site is optimized with the Yoast SEO plugin v27.4 - https:\/\/yoast.com\/product\/yoast-seo-wordpress\/ -->\n<title>Price&#039;s No. 6 Alicante\/Malbec - Rada Wines<\/title>\n<meta name=\"robots\" content=\"index, follow, max-snippet:-1, max-image-preview:large, max-video-preview:-1\" \/>\n<link rel=\"canonical\" href=\"https:\/\/www.ilovewines.vn\/vi\/san-pham\/prices-no-6-alicante-malbec\/\" \/>\n<meta property=\"og:locale\" content=\"vi_VN\" \/>\n<meta property=\"og:type\" content=\"article\" \/>\n<meta property=\"og:title\" content=\"Price&#039;s No. 6 Alicante\/Malbec - Rada Wines\" \/>\n<meta property=\"og:description\" content=\"It&#039;s attractively ripe and inviting on the nose with dark plum, spiced cherry, game and rich floral aromas, followed by a brightly expressed palate offering juicy fruit flavours with rounded mouthfeel, well supported by fine tannins. Well structured and lingering with spicy\/savoury nuances.\" \/>\n<meta property=\"og:url\" content=\"https:\/\/www.ilovewines.vn\/vi\/san-pham\/prices-no-6-alicante-malbec\/\" \/>\n<meta property=\"og:site_name\" content=\"Rada Wines\" \/>\n<meta property=\"og:image\" content=\"https:\/\/www.ilovewines.vn\/wp-content\/uploads\/2024\/01\/Price-6-e1705908389998.jpg\" \/>\n\t<meta property=\"og:image:width\" content=\"416\" \/>\n\t<meta property=\"og:image:height\" content=\"800\" \/>\n\t<meta property=\"og:image:type\" content=\"image\/jpeg\" \/>\n<meta name=\"twitter:card\" content=\"summary_large_image\" \/>\n<meta name=\"twitter:label1\" content=\"\u01af\u1edbc t\u00ednh th\u1eddi gian \u0111\u1ecdc\" \/>\n\t<meta name=\"twitter:data1\" content=\"1 ph\u00fat\" \/>\n<script type=\"application\/ld+json\" class=\"yoast-schema-graph\">{\"@context\":\"https:\\\/\\\/schema.org\",\"@graph\":[{\"@type\":\"WebPage\",\"@id\":\"https:\\\/\\\/www.ilovewines.vn\\\/product\\\/prices-no-6-alicante-malbec\\\/\",\"url\":\"https:\\\/\\\/www.ilovewines.vn\\\/product\\\/prices-no-6-alicante-malbec\\\/\",\"name\":\"Price's No. 6 Alicante\\\/Malbec - Rada Wines\",\"isPartOf\":{\"@id\":\"https:\\\/\\\/www.ilovewines.vn\\\/#website\"},\"primaryImageOfPage\":{\"@id\":\"https:\\\/\\\/www.ilovewines.vn\\\/product\\\/prices-no-6-alicante-malbec\\\/#primaryimage\"},\"image\":{\"@id\":\"https:\\\/\\\/www.ilovewines.vn\\\/product\\\/prices-no-6-alicante-malbec\\\/#primaryimage\"},\"thumbnailUrl\":\"https:\\\/\\\/www.ilovewines.vn\\\/wp-content\\\/uploads\\\/2024\\\/01\\\/Price-6-e1705908389998.jpg\",\"datePublished\":\"2024-01-22T08:06:30+00:00\",\"breadcrumb\":{\"@id\":\"https:\\\/\\\/www.ilovewines.vn\\\/product\\\/prices-no-6-alicante-malbec\\\/#breadcrumb\"},\"inLanguage\":\"vi\",\"potentialAction\":[{\"@type\":\"ReadAction\",\"target\":[\"https:\\\/\\\/www.ilovewines.vn\\\/product\\\/prices-no-6-alicante-malbec\\\/\"]}]},{\"@type\":\"ImageObject\",\"inLanguage\":\"vi\",\"@id\":\"https:\\\/\\\/www.ilovewines.vn\\\/product\\\/prices-no-6-alicante-malbec\\\/#primaryimage\",\"url\":\"https:\\\/\\\/www.ilovewines.vn\\\/wp-content\\\/uploads\\\/2024\\\/01\\\/Price-6-e1705908389998.jpg\",\"contentUrl\":\"https:\\\/\\\/www.ilovewines.vn\\\/wp-content\\\/uploads\\\/2024\\\/01\\\/Price-6-e1705908389998.jpg\",\"width\":416,\"height\":800},{\"@type\":\"BreadcrumbList\",\"@id\":\"https:\\\/\\\/www.ilovewines.vn\\\/product\\\/prices-no-6-alicante-malbec\\\/#breadcrumb\",\"itemListElement\":[{\"@type\":\"ListItem\",\"position\":1,\"name\":\"Home\",\"item\":\"https:\\\/\\\/www.ilovewines.vn\\\/\"},{\"@type\":\"ListItem\",\"position\":2,\"name\":\"Catalogue\",\"item\":\"https:\\\/\\\/www.ilovewines.vn\\\/catalogue\\\/\"},{\"@type\":\"ListItem\",\"position\":3,\"name\":\"Price&#8217;s No. 6 Alicante\\\/Malbec\"}]},{\"@type\":\"WebSite\",\"@id\":\"https:\\\/\\\/www.ilovewines.vn\\\/#website\",\"url\":\"https:\\\/\\\/www.ilovewines.vn\\\/\",\"name\":\"Rada Wines\",\"description\":\"Just another WordPress site\",\"publisher\":{\"@id\":\"https:\\\/\\\/www.ilovewines.vn\\\/#organization\"},\"potentialAction\":[{\"@type\":\"SearchAction\",\"target\":{\"@type\":\"EntryPoint\",\"urlTemplate\":\"https:\\\/\\\/www.ilovewines.vn\\\/?s={search_term_string}\"},\"query-input\":{\"@type\":\"PropertyValueSpecification\",\"valueRequired\":true,\"valueName\":\"search_term_string\"}}],\"inLanguage\":\"vi\"},{\"@type\":\"Organization\",\"@id\":\"https:\\\/\\\/www.ilovewines.vn\\\/#organization\",\"name\":\"Rada Wines\",\"url\":\"https:\\\/\\\/www.ilovewines.vn\\\/\",\"logo\":{\"@type\":\"ImageObject\",\"inLanguage\":\"vi\",\"@id\":\"https:\\\/\\\/www.ilovewines.vn\\\/#\\\/schema\\\/logo\\\/image\\\/\",\"url\":\"https:\\\/\\\/www.ilovewines.vn\\\/wp-content\\\/uploads\\\/2022\\\/06\\\/cropped-162574230_380766779846763_4426584222903300096_n.jpg\",\"contentUrl\":\"https:\\\/\\\/www.ilovewines.vn\\\/wp-content\\\/uploads\\\/2022\\\/06\\\/cropped-162574230_380766779846763_4426584222903300096_n.jpg\",\"width\":320,\"height\":206,\"caption\":\"Rada Wines\"},\"image\":{\"@id\":\"https:\\\/\\\/www.ilovewines.vn\\\/#\\\/schema\\\/logo\\\/image\\\/\"}}]}<\/script>\n<!-- \/ Yoast SEO plugin. -->","yoast_head_json":{"title":"Price's No. 6 Alicante\/Malbec - Rada Wines","robots":{"index":"index","follow":"follow","max-snippet":"max-snippet:-1","max-image-preview":"max-image-preview:large","max-video-preview":"max-video-preview:-1"},"canonical":"https:\/\/www.ilovewines.vn\/vi\/san-pham\/prices-no-6-alicante-malbec\/","og_locale":"vi_VN","og_type":"article","og_title":"Price's No. 6 Alicante\/Malbec - Rada Wines","og_description":"It's attractively ripe and inviting on the nose with dark plum, spiced cherry, game and rich floral aromas, followed by a brightly expressed palate offering juicy fruit flavours with rounded mouthfeel, well supported by fine tannins. Well structured and lingering with spicy\/savoury nuances.","og_url":"https:\/\/www.ilovewines.vn\/vi\/san-pham\/prices-no-6-alicante-malbec\/","og_site_name":"Rada Wines","og_image":[{"width":416,"height":800,"url":"https:\/\/www.ilovewines.vn\/wp-content\/uploads\/2024\/01\/Price-6-e1705908389998.jpg","type":"image\/jpeg"}],"twitter_card":"summary_large_image","twitter_misc":{"\u01af\u1edbc t\u00ednh th\u1eddi gian \u0111\u1ecdc":"1 ph\u00fat"},"schema":{"@context":"https:\/\/schema.org","@graph":[{"@type":"WebPage","@id":"https:\/\/www.ilovewines.vn\/product\/prices-no-6-alicante-malbec\/","url":"https:\/\/www.ilovewines.vn\/product\/prices-no-6-alicante-malbec\/","name":"Price's No. 6 Alicante\/Malbec - Rada Wines","isPartOf":{"@id":"https:\/\/www.ilovewines.vn\/#website"},"primaryImageOfPage":{"@id":"https:\/\/www.ilovewines.vn\/product\/prices-no-6-alicante-malbec\/#primaryimage"},"image":{"@id":"https:\/\/www.ilovewines.vn\/product\/prices-no-6-alicante-malbec\/#primaryimage"},"thumbnailUrl":"https:\/\/www.ilovewines.vn\/wp-content\/uploads\/2024\/01\/Price-6-e1705908389998.jpg","datePublished":"2024-01-22T08:06:30+00:00","breadcrumb":{"@id":"https:\/\/www.ilovewines.vn\/product\/prices-no-6-alicante-malbec\/#breadcrumb"},"inLanguage":"vi","potentialAction":[{"@type":"ReadAction","target":["https:\/\/www.ilovewines.vn\/product\/prices-no-6-alicante-malbec\/"]}]},{"@type":"ImageObject","inLanguage":"vi","@id":"https:\/\/www.ilovewines.vn\/product\/prices-no-6-alicante-malbec\/#primaryimage","url":"https:\/\/www.ilovewines.vn\/wp-content\/uploads\/2024\/01\/Price-6-e1705908389998.jpg","contentUrl":"https:\/\/www.ilovewines.vn\/wp-content\/uploads\/2024\/01\/Price-6-e1705908389998.jpg","width":416,"height":800},{"@type":"BreadcrumbList","@id":"https:\/\/www.ilovewines.vn\/product\/prices-no-6-alicante-malbec\/#breadcrumb","itemListElement":[{"@type":"ListItem","position":1,"name":"Home","item":"https:\/\/www.ilovewines.vn\/"},{"@type":"ListItem","position":2,"name":"Catalogue","item":"https:\/\/www.ilovewines.vn\/catalogue\/"},{"@type":"ListItem","position":3,"name":"Price&#8217;s No. 6 Alicante\/Malbec"}]},{"@type":"WebSite","@id":"https:\/\/www.ilovewines.vn\/#website","url":"https:\/\/www.ilovewines.vn\/","name":"Rada Wines","description":"Just another WordPress site","publisher":{"@id":"https:\/\/www.ilovewines.vn\/#organization"},"potentialAction":[{"@type":"SearchAction","target":{"@type":"EntryPoint","urlTemplate":"https:\/\/www.ilovewines.vn\/?s={search_term_string}"},"query-input":{"@type":"PropertyValueSpecification","valueRequired":true,"valueName":"search_term_string"}}],"inLanguage":"vi"},{"@type":"Organization","@id":"https:\/\/www.ilovewines.vn\/#organization","name":"Rada Wines","url":"https:\/\/www.ilovewines.vn\/","logo":{"@type":"ImageObject","inLanguage":"vi","@id":"https:\/\/www.ilovewines.vn\/#\/schema\/logo\/image\/","url":"https:\/\/www.ilovewines.vn\/wp-content\/uploads\/2022\/06\/cropped-162574230_380766779846763_4426584222903300096_n.jpg","contentUrl":"https:\/\/www.ilovewines.vn\/wp-content\/uploads\/2022\/06\/cropped-162574230_380766779846763_4426584222903300096_n.jpg","width":320,"height":206,"caption":"Rada Wines"},"image":{"@id":"https:\/\/www.ilovewines.vn\/#\/schema\/logo\/image\/"}}]}},"_links":{"self":[{"href":"https:\/\/www.ilovewines.vn\/vi\/wp-json\/wp\/v2\/product\/5151","targetHints":{"allow":["GET"]}}],"collection":[{"href":"https:\/\/www.ilovewines.vn\/vi\/wp-json\/wp\/v2\/product"}],"about":[{"href":"https:\/\/www.ilovewines.vn\/vi\/wp-json\/wp\/v2\/types\/product"}],"version-history":[{"count":0,"href":"https:\/\/www.ilovewines.vn\/vi\/wp-json\/wp\/v2\/product\/5151\/revisions"}],"wp:featuredmedia":[{"embeddable":true,"href":"https:\/\/www.ilovewines.vn\/vi\/wp-json\/wp\/v2\/media\/5152"}],"wp:attachment":[{"href":"https:\/\/www.ilovewines.vn\/vi\/wp-json\/wp\/v2\/media?parent=5151"}],"wp:term":[{"taxonomy":"product_brand","embeddable":true,"href":"https:\/\/www.ilovewines.vn\/vi\/wp-json\/wp\/v2\/product_brand?post=5151"},{"taxonomy":"product_cat","embeddable":true,"href":"https:\/\/www.ilovewines.vn\/vi\/wp-json\/wp\/v2\/product_cat?post=5151"},{"taxonomy":"product_tag","embeddable":true,"href":"https:\/\/www.ilovewines.vn\/vi\/wp-json\/wp\/v2\/product_tag?post=5151"},{"taxonomy":"grape_varietal","embeddable":true,"href":"https:\/\/www.ilovewines.vn\/vi\/wp-json\/wp\/v2\/grape_varietal?post=5151"},{"taxonomy":"wine_regions","embeddable":true,"href":"https:\/\/www.ilovewines.vn\/vi\/wp-json\/wp\/v2\/wine_regions?post=5151"}],"curies":[{"name":"wp","href":"https:\/\/api.w.org\/{rel}","templated":true}]}}