{"id":5156,"date":"2024-01-22T01:06:16","date_gmt":"2024-01-22T08:06:16","guid":{"rendered":"https:\/\/www.ilovewines.vn\/?post_type=product&#038;p=5156"},"modified":"2024-01-22T01:06:17","modified_gmt":"2024-01-22T08:06:17","slug":"prices-block-1-malbec","status":"publish","type":"product","link":"https:\/\/www.ilovewines.vn\/vi\/product\/prices-block-1-malbec\/","title":{"rendered":"Price\u2019s Block 1 Malbec"},"content":{"rendered":"<p>R\u01b0\u1ee3u vang \u0111\u1ecf Block 1 Malbec l\u00e0 lo\u1ea1i r\u01b0\u1ee3u m\u1ec1m m\u01b0\u1ee3t nh\u01b0 nhung, \u0111\u1eadm \u0111\u00e0, c\u00f3 h\u01b0\u01a1ng v\u1ecb hoa qu\u1ea3, x\u1ee9ng \u0111\u00e1ng l\u00e0 lo\u1ea1i r\u01b0\u1ee3u \u0111\u1ed9c quy\u1ec1n trong chai. Malbec l\u00e0 m\u1ed9t gi\u1ed1ng nho r\u1ea5t kh\u00f3 tr\u1ed3ng, tuy nhi\u00ean k\u1ebft qu\u1ea3 tr\u1ed3ng \u0111\u01b0\u1ee3c th\u00ec ho\u00e0n to\u00e0n x\u1ee9ng \u0111\u00e1ng. Chai r\u01b0\u1ee3u vang n\u00e0y r\u1ea5t th\u01a1m, d\u1eady h\u01b0\u01a1ng qu\u1ea3 s\u1eabm m\u00e0u. V\u00f2m mi\u1ec7ng tr\u00e0n \u0111\u1ea7y v\u1ecb qu\u1ea3 m\u1ecdng v\u00e0 \u0111\u01b0\u1ee3c c\u00e2n b\u1eb1ng l\u1ea1i v\u1edbi v\u1ecb cay c\u1ee7a gia v\u1ecb.<\/p>\n<p>M\u00e0u: T\u00edm s\u1eabm, \u0111\u1ecf th\u1eabm.<\/p>\n<p>Kh\u1ee9u gi\u00e1c: Ngay l\u1eadp t\u1ee9c nh\u1eadn th\u1ea5y h\u01b0\u01a1ng vi\u1ec7t qu\u1ea5t, \u0111inh h\u01b0\u01a1ng, nho kh\u00f4 v\u00e0 h\u1ea1nh nh\u00e2n n\u01b0\u1edbng, cho th\u1ea5y r\u01b0\u1ee3u c\u00f3 \u0111\u1ed9 c\u1ed3n cao.<\/p>\n<p>V\u00f2m mi\u1ec7ng: Tr\u00e0n \u0111\u1ea7y v\u1ecb c\u1ee7a \u0111\u1ea5t v\u00e0 qu\u1ea3 m\u1ecdng v\u1edbi tannin trung b\u00ecnh. V\u1ecb vi\u1ec7t qu\u1ea5t quy\u1ec7n l\u1ea5y g\u1ed7 s\u1ed3i. C\u1ea5u tr\u00fac tuy\u1ec7t v\u1eddi v\u00e0 c\u00e2n b\u1eb1ng duy\u00ean d\u00e1ng.<\/p>\n<p>\u1ea8m th\u1ef1c k\u1ebft h\u1ee3p: Th\u1ecbt b\u00f2 n\u01b0\u1edbng \u0103n k\u00e8m c\u1ee7 c\u1ea3i \u0111\u01b0\u1eddng v\u00e0 b\u1eafp c\u1ea3i t\u00ed hon Brussels.<\/p>\n<p>C\u1ea5t tr\u1eef: U\u1ed1ng ngay r\u1ea5t ngon ho\u1eb7c c\u00f3 th\u1ec3 c\u1ea5t tr\u1eef \u00edt nh\u1ea5t m\u1ed9t th\u1eadp k\u1ec9 n\u1eefa.<\/p>\n<p>&nbsp;<\/p>","protected":false},"excerpt":{"rendered":"<p>Tr\u1ebb trung, nguy\u00ean s\u01a1 v\u00e0 d\u1eady h\u01b0\u01a1ng th\u01a1m, b\u00f3 hoa n\u00e0y c\u00f3 h\u01b0\u01a1ng th\u01a1m c\u1ee7a qu\u1ea3 l\u00fd chua \u0111en, m\u1eadn Doris \u0111en, hoa o\u1ea3i h\u01b0\u01a1ng v\u00e0 gia v\u1ecb n\u01b0\u1edbng, ti\u1ebfp theo l\u00e0 v\u00f2m mi\u1ec7ng c\u00f3 h\u01b0\u01a1ng v\u1ecb tuy\u1ec7t v\u1eddi mang l\u1ea1i c\u1ea3m gi\u00e1c \u0111\u1ea7y \u0111\u1eb7n trong mi\u1ec7ng v\u00e0 tannin m\u01b0\u1ee3t m\u00e0. Tr\u1ea3 tr\u01b0\u1edbc v\u00e0 ngon l\u00e0nh. T\u1ed1t nh\u1ea5t: t\u1eeb b\u00e2y gi\u1edd \u0111\u1ebfn n\u0103m 2029.<\/p>","protected":false},"featured_media":5157,"template":"","meta":{"_acf_changed":false},"product_brand":[],"product_cat":[87,93],"product_tag":[],"grape_varietal":[2667],"wine_regions":[2422,2410],"class_list":{"0":"post-5156","1":"product","2":"type-product","3":"status-publish","4":"has-post-thumbnail","6":"product_cat-red-wine","7":"product_cat-wine","8":"pa_brand-prices-wines","9":"grape_varietal-malbec","10":"wine_regions-mclaren-vale","11":"wine_regions-south-australia","13":"first","14":"instock","15":"shipping-taxable","16":"product-type-simple"},"acf":[],"yoast_head":"<!-- This site is optimized with the Yoast SEO plugin v27.4 - https:\/\/yoast.com\/product\/yoast-seo-wordpress\/ -->\n<title>Price&#039;s Block 1 Malbec - Rada Wines<\/title>\n<meta name=\"robots\" content=\"index, follow, max-snippet:-1, max-image-preview:large, max-video-preview:-1\" \/>\n<link rel=\"canonical\" href=\"https:\/\/www.ilovewines.vn\/vi\/san-pham\/prices-block-1-malbec\/\" \/>\n<meta property=\"og:locale\" content=\"vi_VN\" \/>\n<meta property=\"og:type\" content=\"article\" \/>\n<meta property=\"og:title\" content=\"Price&#039;s Block 1 Malbec - Rada Wines\" \/>\n<meta property=\"og:description\" content=\"Youthful, pristine and beautifully lifted, the bouquet shows blackcurrant, Black Doris plum, lavender and toasted spice aromas, followed by a wonderfully flavoursome palate offering plump mouthfeel and silky tannins. Upfront and delectable. At its best: now to 2029.\" \/>\n<meta property=\"og:url\" content=\"https:\/\/www.ilovewines.vn\/vi\/san-pham\/prices-block-1-malbec\/\" \/>\n<meta property=\"og:site_name\" content=\"Rada Wines\" \/>\n<meta property=\"article:modified_time\" content=\"2024-01-22T08:06:17+00:00\" \/>\n<meta property=\"og:image\" content=\"https:\/\/www.ilovewines.vn\/wp-content\/uploads\/2024\/01\/Price-1-e1705909305612.jpg\" \/>\n\t<meta property=\"og:image:width\" content=\"416\" \/>\n\t<meta property=\"og:image:height\" content=\"800\" \/>\n\t<meta property=\"og:image:type\" content=\"image\/jpeg\" \/>\n<meta name=\"twitter:card\" content=\"summary_large_image\" \/>\n<meta name=\"twitter:label1\" content=\"\u01af\u1edbc t\u00ednh th\u1eddi gian \u0111\u1ecdc\" \/>\n\t<meta name=\"twitter:data1\" content=\"1 ph\u00fat\" \/>\n<script type=\"application\/ld+json\" class=\"yoast-schema-graph\">{\"@context\":\"https:\\\/\\\/schema.org\",\"@graph\":[{\"@type\":\"WebPage\",\"@id\":\"https:\\\/\\\/www.ilovewines.vn\\\/product\\\/prices-block-1-malbec\\\/\",\"url\":\"https:\\\/\\\/www.ilovewines.vn\\\/product\\\/prices-block-1-malbec\\\/\",\"name\":\"Price's Block 1 Malbec - Rada Wines\",\"isPartOf\":{\"@id\":\"https:\\\/\\\/www.ilovewines.vn\\\/#website\"},\"primaryImageOfPage\":{\"@id\":\"https:\\\/\\\/www.ilovewines.vn\\\/product\\\/prices-block-1-malbec\\\/#primaryimage\"},\"image\":{\"@id\":\"https:\\\/\\\/www.ilovewines.vn\\\/product\\\/prices-block-1-malbec\\\/#primaryimage\"},\"thumbnailUrl\":\"https:\\\/\\\/www.ilovewines.vn\\\/wp-content\\\/uploads\\\/2024\\\/01\\\/Price-1-e1705909305612.jpg\",\"datePublished\":\"2024-01-22T08:06:16+00:00\",\"dateModified\":\"2024-01-22T08:06:17+00:00\",\"breadcrumb\":{\"@id\":\"https:\\\/\\\/www.ilovewines.vn\\\/product\\\/prices-block-1-malbec\\\/#breadcrumb\"},\"inLanguage\":\"vi\",\"potentialAction\":[{\"@type\":\"ReadAction\",\"target\":[\"https:\\\/\\\/www.ilovewines.vn\\\/product\\\/prices-block-1-malbec\\\/\"]}]},{\"@type\":\"ImageObject\",\"inLanguage\":\"vi\",\"@id\":\"https:\\\/\\\/www.ilovewines.vn\\\/product\\\/prices-block-1-malbec\\\/#primaryimage\",\"url\":\"https:\\\/\\\/www.ilovewines.vn\\\/wp-content\\\/uploads\\\/2024\\\/01\\\/Price-1-e1705909305612.jpg\",\"contentUrl\":\"https:\\\/\\\/www.ilovewines.vn\\\/wp-content\\\/uploads\\\/2024\\\/01\\\/Price-1-e1705909305612.jpg\",\"width\":416,\"height\":800},{\"@type\":\"BreadcrumbList\",\"@id\":\"https:\\\/\\\/www.ilovewines.vn\\\/product\\\/prices-block-1-malbec\\\/#breadcrumb\",\"itemListElement\":[{\"@type\":\"ListItem\",\"position\":1,\"name\":\"Home\",\"item\":\"https:\\\/\\\/www.ilovewines.vn\\\/\"},{\"@type\":\"ListItem\",\"position\":2,\"name\":\"Catalogue\",\"item\":\"https:\\\/\\\/www.ilovewines.vn\\\/catalogue\\\/\"},{\"@type\":\"ListItem\",\"position\":3,\"name\":\"Price&#8217;s Block 1 Malbec\"}]},{\"@type\":\"WebSite\",\"@id\":\"https:\\\/\\\/www.ilovewines.vn\\\/#website\",\"url\":\"https:\\\/\\\/www.ilovewines.vn\\\/\",\"name\":\"Rada Wines\",\"description\":\"Just another WordPress site\",\"publisher\":{\"@id\":\"https:\\\/\\\/www.ilovewines.vn\\\/#organization\"},\"potentialAction\":[{\"@type\":\"SearchAction\",\"target\":{\"@type\":\"EntryPoint\",\"urlTemplate\":\"https:\\\/\\\/www.ilovewines.vn\\\/?s={search_term_string}\"},\"query-input\":{\"@type\":\"PropertyValueSpecification\",\"valueRequired\":true,\"valueName\":\"search_term_string\"}}],\"inLanguage\":\"vi\"},{\"@type\":\"Organization\",\"@id\":\"https:\\\/\\\/www.ilovewines.vn\\\/#organization\",\"name\":\"Rada Wines\",\"url\":\"https:\\\/\\\/www.ilovewines.vn\\\/\",\"logo\":{\"@type\":\"ImageObject\",\"inLanguage\":\"vi\",\"@id\":\"https:\\\/\\\/www.ilovewines.vn\\\/#\\\/schema\\\/logo\\\/image\\\/\",\"url\":\"https:\\\/\\\/www.ilovewines.vn\\\/wp-content\\\/uploads\\\/2022\\\/06\\\/cropped-162574230_380766779846763_4426584222903300096_n.jpg\",\"contentUrl\":\"https:\\\/\\\/www.ilovewines.vn\\\/wp-content\\\/uploads\\\/2022\\\/06\\\/cropped-162574230_380766779846763_4426584222903300096_n.jpg\",\"width\":320,\"height\":206,\"caption\":\"Rada Wines\"},\"image\":{\"@id\":\"https:\\\/\\\/www.ilovewines.vn\\\/#\\\/schema\\\/logo\\\/image\\\/\"}}]}<\/script>\n<!-- \/ Yoast SEO plugin. -->","yoast_head_json":{"title":"Price's Block 1 Malbec - Rada Wines","robots":{"index":"index","follow":"follow","max-snippet":"max-snippet:-1","max-image-preview":"max-image-preview:large","max-video-preview":"max-video-preview:-1"},"canonical":"https:\/\/www.ilovewines.vn\/vi\/san-pham\/prices-block-1-malbec\/","og_locale":"vi_VN","og_type":"article","og_title":"Price's Block 1 Malbec - Rada Wines","og_description":"Youthful, pristine and beautifully lifted, the bouquet shows blackcurrant, Black Doris plum, lavender and toasted spice aromas, followed by a wonderfully flavoursome palate offering plump mouthfeel and silky tannins. Upfront and delectable. At its best: now to 2029.","og_url":"https:\/\/www.ilovewines.vn\/vi\/san-pham\/prices-block-1-malbec\/","og_site_name":"Rada Wines","article_modified_time":"2024-01-22T08:06:17+00:00","og_image":[{"width":416,"height":800,"url":"https:\/\/www.ilovewines.vn\/wp-content\/uploads\/2024\/01\/Price-1-e1705909305612.jpg","type":"image\/jpeg"}],"twitter_card":"summary_large_image","twitter_misc":{"\u01af\u1edbc t\u00ednh th\u1eddi gian \u0111\u1ecdc":"1 ph\u00fat"},"schema":{"@context":"https:\/\/schema.org","@graph":[{"@type":"WebPage","@id":"https:\/\/www.ilovewines.vn\/product\/prices-block-1-malbec\/","url":"https:\/\/www.ilovewines.vn\/product\/prices-block-1-malbec\/","name":"Price's Block 1 Malbec - Rada Wines","isPartOf":{"@id":"https:\/\/www.ilovewines.vn\/#website"},"primaryImageOfPage":{"@id":"https:\/\/www.ilovewines.vn\/product\/prices-block-1-malbec\/#primaryimage"},"image":{"@id":"https:\/\/www.ilovewines.vn\/product\/prices-block-1-malbec\/#primaryimage"},"thumbnailUrl":"https:\/\/www.ilovewines.vn\/wp-content\/uploads\/2024\/01\/Price-1-e1705909305612.jpg","datePublished":"2024-01-22T08:06:16+00:00","dateModified":"2024-01-22T08:06:17+00:00","breadcrumb":{"@id":"https:\/\/www.ilovewines.vn\/product\/prices-block-1-malbec\/#breadcrumb"},"inLanguage":"vi","potentialAction":[{"@type":"ReadAction","target":["https:\/\/www.ilovewines.vn\/product\/prices-block-1-malbec\/"]}]},{"@type":"ImageObject","inLanguage":"vi","@id":"https:\/\/www.ilovewines.vn\/product\/prices-block-1-malbec\/#primaryimage","url":"https:\/\/www.ilovewines.vn\/wp-content\/uploads\/2024\/01\/Price-1-e1705909305612.jpg","contentUrl":"https:\/\/www.ilovewines.vn\/wp-content\/uploads\/2024\/01\/Price-1-e1705909305612.jpg","width":416,"height":800},{"@type":"BreadcrumbList","@id":"https:\/\/www.ilovewines.vn\/product\/prices-block-1-malbec\/#breadcrumb","itemListElement":[{"@type":"ListItem","position":1,"name":"Home","item":"https:\/\/www.ilovewines.vn\/"},{"@type":"ListItem","position":2,"name":"Catalogue","item":"https:\/\/www.ilovewines.vn\/catalogue\/"},{"@type":"ListItem","position":3,"name":"Price&#8217;s Block 1 Malbec"}]},{"@type":"WebSite","@id":"https:\/\/www.ilovewines.vn\/#website","url":"https:\/\/www.ilovewines.vn\/","name":"Rada Wines","description":"Just another WordPress site","publisher":{"@id":"https:\/\/www.ilovewines.vn\/#organization"},"potentialAction":[{"@type":"SearchAction","target":{"@type":"EntryPoint","urlTemplate":"https:\/\/www.ilovewines.vn\/?s={search_term_string}"},"query-input":{"@type":"PropertyValueSpecification","valueRequired":true,"valueName":"search_term_string"}}],"inLanguage":"vi"},{"@type":"Organization","@id":"https:\/\/www.ilovewines.vn\/#organization","name":"Rada Wines","url":"https:\/\/www.ilovewines.vn\/","logo":{"@type":"ImageObject","inLanguage":"vi","@id":"https:\/\/www.ilovewines.vn\/#\/schema\/logo\/image\/","url":"https:\/\/www.ilovewines.vn\/wp-content\/uploads\/2022\/06\/cropped-162574230_380766779846763_4426584222903300096_n.jpg","contentUrl":"https:\/\/www.ilovewines.vn\/wp-content\/uploads\/2022\/06\/cropped-162574230_380766779846763_4426584222903300096_n.jpg","width":320,"height":206,"caption":"Rada Wines"},"image":{"@id":"https:\/\/www.ilovewines.vn\/#\/schema\/logo\/image\/"}}]}},"_links":{"self":[{"href":"https:\/\/www.ilovewines.vn\/vi\/wp-json\/wp\/v2\/product\/5156","targetHints":{"allow":["GET"]}}],"collection":[{"href":"https:\/\/www.ilovewines.vn\/vi\/wp-json\/wp\/v2\/product"}],"about":[{"href":"https:\/\/www.ilovewines.vn\/vi\/wp-json\/wp\/v2\/types\/product"}],"version-history":[{"count":0,"href":"https:\/\/www.ilovewines.vn\/vi\/wp-json\/wp\/v2\/product\/5156\/revisions"}],"wp:featuredmedia":[{"embeddable":true,"href":"https:\/\/www.ilovewines.vn\/vi\/wp-json\/wp\/v2\/media\/5157"}],"wp:attachment":[{"href":"https:\/\/www.ilovewines.vn\/vi\/wp-json\/wp\/v2\/media?parent=5156"}],"wp:term":[{"taxonomy":"product_brand","embeddable":true,"href":"https:\/\/www.ilovewines.vn\/vi\/wp-json\/wp\/v2\/product_brand?post=5156"},{"taxonomy":"product_cat","embeddable":true,"href":"https:\/\/www.ilovewines.vn\/vi\/wp-json\/wp\/v2\/product_cat?post=5156"},{"taxonomy":"product_tag","embeddable":true,"href":"https:\/\/www.ilovewines.vn\/vi\/wp-json\/wp\/v2\/product_tag?post=5156"},{"taxonomy":"grape_varietal","embeddable":true,"href":"https:\/\/www.ilovewines.vn\/vi\/wp-json\/wp\/v2\/grape_varietal?post=5156"},{"taxonomy":"wine_regions","embeddable":true,"href":"https:\/\/www.ilovewines.vn\/vi\/wp-json\/wp\/v2\/wine_regions?post=5156"}],"curies":[{"name":"wp","href":"https:\/\/api.w.org\/{rel}","templated":true}]}}